{"id":982,"date":"2014-04-17T17:11:15","date_gmt":"2014-04-17T15:11:15","guid":{"rendered":"https:\/\/www.igmgukba.org\/medya\/"},"modified":"2020-11-10T12:30:27","modified_gmt":"2020-11-10T10:30:27","slug":"presse","status":"publish","type":"page","link":"https:\/\/www.ukba.eu\/de\/presse\/","title":{"rendered":"Presse"},"content":{"rendered":"\r\n<ul>\r\n \t<li><a href=\"https:\/\/perspektif.eu\/2020\/04\/18\/hangi-sehirde-kac-musluman-defnedildi-almanya\/\"><strong>Hangi \u015eehirlere Ka\u00e7 M\u00fcsl\u00fcman defnedildi ?<\/strong><\/a><\/li>\r\n \t<li><a href=\"https:\/\/camiahaber.com\/2020\/06\/25\/avrupada-cenaze-hizmetleri-normale-dondu\/\"><strong>Avrupada cenaze hizmetleri normale d\u00f6nd\u00fc <\/strong><\/a><\/li>\r\n \t<li><a style=\"font-weight: bold;\" href=\"https:\/\/perspektif.eu\/2020\/03\/21\/koronadan-vefat-edenlerin-cenazeleri-turkiyeye-nakledilebilecek\/?fbclid=IwAR2vMUpjWkda0USl5wo5hrweF_noUfiyi0LA41JBpjjoGy6T9EisTBtK-C4\" target=\"_blank\" rel=\"noopener noreferrer\">Koronadan Vefat Edenlerin Cenazeleri T\u00fcrkiye\u2019ye Nakledilebilecek \u2192<\/a><\/li>\r\n \t<li><a style=\"font-weight: bold;\" href=\"https:\/\/perspektif.eu\/2020\/03\/21\/kovid-19-salgini-esnasinda-olen-muslumanlar-nasil-defnedilecek\/?fbclid=IwAR2qP5DEuZBqg-DD2ODpJZvoIbV0oSuivfJQV9Q2_X3_v0YzcCycn09FPW4\" target=\"_blank\" rel=\"noopener noreferrer\">Kovid-19 Salg\u0131n\u0131 Esnas\u0131nda \u00d6len M\u00fcsl\u00fcmanlar Nas\u0131l Defnedilecek ?\u2192<\/a><\/li>\r\n \t<li><a style=\"font-weight: bold;\" href=\"https:\/\/camiahaber.com\/2020\/03\/26\/ukbadan-yeni-aciklama-koronadan-vefat-edenler-turkiyeye-nasil-gonderiliyor\/?fbclid=IwAR3jnWGZZVP2-7ExV8zwHVHNWyJx1S0Xw5GhX4cizvAUPv0Jizt91glvopY\" target=\"_blank\" rel=\"noopener noreferrer\">UKBA\u2019dan Yeni A\u00e7\u0131klama: Koronadan Vefat Edenler T\u00fcrkiye\u2019ye Nas\u0131l G\u00f6nderiliyor? \u2192<\/a><\/li>\r\n \t<li><a style=\"font-weight: bold;\" href=\"https:\/\/www.ukba.eu\/wp-content\/uploads\/2020\/03\/Covid-19_Bosnakca.pdf\" target=\"_blank\" rel=\"noopener noreferrer\">Covid 19 Bo\u015fnak\u00e7a \u2192<\/a><\/li>\r\n \t<li><a style=\"font-weight: bold;\" href=\"https:\/\/www.ukba.eu\/wp-content\/uploads\/2020\/04\/111.-Aachener-Hospizgespr\u00e4ch-UKBAFudulKop..pdf\" target=\"_blank\" rel=\"noopener noreferrer\">UKBA Fudul \u2192<\/a><\/li>\r\n<li><a style=\"font-weight: bold;\" href=\"https:\/\/www.ukba.eu\/wp-content\/uploads\/2020\/11\/Flyer_Hospizarbeit.pdf\" target=\"_blank\" rel=\"noopener noreferrer\">Hospiz- und Palliativarbeit  \u2192<\/a><\/li>\r\n\r\n<\/ul>\r\n<a href=\"https:\/\/www.ukba.eu\/wp-content\/uploads\/2020\/10\/combinepdf-1.jpg\" target=\"_blank\" rel=\"noopener noreferrer\"><img style=\"width: 30%; border: 1px solid #ccc;\" src=\"https:\/\/www.ukba.eu\/wp-content\/uploads\/2020\/10\/combinepdf-1.jpg\" alt=\"Covid-19 Rapor\" \/><\/a>\r\n\r\n<a href=\"https:\/\/www.ukba.eu\/wp-content\/uploads\/2020\/09\/Avrupada_Cenaze_Hizmetleri.png\" target=\"_blank\" rel=\"noopener noreferrer\"><img style=\"width: 30%; border: 1px solid #ccc;\" src=\"https:\/\/www.ukba.eu\/wp-content\/uploads\/2020\/09\/Avrupada_Cenaze_Hizmetleri.png\" alt=\"Covid-19 Rapor\" \/><\/a>\r\n\r\n<a href=\"https:\/\/www.ukba.eu\/wp-content\/uploads\/2020\/11\/Report_05.11..jpg\" target=\"_blank\" rel=\"noopener noreferrer\"><img class=\"\" style=\"width: 317px; border: 1px solid #cccccc;\" src=\"https:\/\/www.ukba.eu\/wp-content\/uploads\/2020\/11\/Report_05.11..jpg\" alt=\"Covid-19 Rapor\" height=\"448\" \/><\/a>\r\n\r\n<a href=\"https:\/\/www.ukba.eu\/wp-content\/uploads\/2020\/03\/Kundgebung-Covid-19.pdf\" target=\"_blank\" rel=\"noopener noreferrer\"><img style=\"width: 30%; border: 1px solid #ccc;\" src=\"https:\/\/www.ukba.eu\/wp-content\/uploads\/2020\/03\/Kundgebung_Covid_19.jpg\" alt=\"Kundgebung-Covid-19\" \/><\/a>\r\n\r\n<a href=\"https:\/\/www.ukba.eu\/wp-content\/uploads\/2019\/12\/basin_2019_12.pdf\" target=\"_blank\" rel=\"noopener noreferrer\"><img style=\"width: 30%; border: 1px solid #ccc;\" src=\"https:\/\/www.ukba.eu\/wp-content\/uploads\/2019\/12\/basin_2019_12.jpg\" alt=\"Basin 2019 12\" \/><\/a>\r\n\r\n<a href=\"https:\/\/www.ukba.eu\/wp-content\/uploads\/2020\/10\/Covid-19duyuru.jpg\" target=\"_blank\" rel=\"noopener noreferrer\"><img class=\"alignleft\" style=\"width: 30%; border: 1px solid #ccc;\" src=\"https:\/\/www.ukba.eu\/wp-content\/uploads\/2020\/10\/Covid-19duyuru.jpg\" alt=\"UKBA 2019 12 2\" \/><\/a>\r\n\r\n<a href=\"https:\/\/www.ukba.eu\/wp-content\/uploads\/2019\/12\/basin_2019_12_2.png\" target=\"_blank\" rel=\"noopener noreferrer\"><img class=\"alignleft\" style=\"width: 30%; border: 1px solid #ccc;\" src=\"https:\/\/www.ukba.eu\/wp-content\/uploads\/2019\/12\/basin_2019_12_2.png\" alt=\"Basin 2019 12 2\" \/><\/a>\r\n\r\n<a href=\"https:\/\/www.ukba.eu\/wp-content\/uploads\/2020\/05\/UKBA_14.jpg\" target=\"_blank\" rel=\"noopener noreferrer\"><img class=\"alignleft\" style=\"width: 30%; border: 1px solid #ccc;\" src=\"https:\/\/www.ukba.eu\/wp-content\/uploads\/2020\/05\/UKBA_14.jpg\" alt=\"UKBA 2019 12 2\" \/><\/a>\r\n\r\n\n<p>&nbsp;<\/p>\n","protected":false},"excerpt":{"rendered":"<p>&nbsp;<\/p>\n","protected":false},"author":1,"featured_media":0,"parent":0,"menu_order":4,"comment_status":"open","ping_status":"open","template":"","meta":[],"_links":{"self":[{"href":"https:\/\/www.ukba.eu\/de\/wp-json\/wp\/v2\/pages\/982\/"}],"collection":[{"href":"https:\/\/www.ukba.eu\/de\/wp-json\/wp\/v2\/pages\/"}],"about":[{"href":"https:\/\/www.ukba.eu\/de\/wp-json\/wp\/v2\/types\/page\/"}],"author":[{"embeddable":true,"href":"https:\/\/www.ukba.eu\/de\/wp-json\/wp\/v2\/users\/1\/"}],"replies":[{"embeddable":true,"href":"https:\/\/www.ukba.eu\/de\/wp-json\/wp\/v2\/comments\/?post=982"}],"version-history":[{"count":24,"href":"https:\/\/www.ukba.eu\/de\/wp-json\/wp\/v2\/pages\/982\/revisions\/"}],"predecessor-version":[{"id":1822,"href":"https:\/\/www.ukba.eu\/de\/wp-json\/wp\/v2\/pages\/982\/revisions\/1822\/"}],"wp:attachment":[{"href":"https:\/\/www.ukba.eu\/de\/wp-json\/wp\/v2\/media\/?parent=982"}],"curies":[{"name":"wp","href":"https:\/\/api.w.org\/{rel}","templated":true}]}}